{"id":1,"type":"Standard","slug":"\/","media":[{"publicUrl":"https:\/\/api.tourismus.mv\/fileadmin\/_processed_\/b\/0\/csm_Hugo_DTL_Seenland_2021-8_4ef753c240.webp","properties":{"title":"Auf dem Hausboot durch die Seenplatte","alternative":null,"description":"Foto: MV-T\/Witzel","disableDownload":0,"mimeType":"image\/jpeg","type":"image-responsive","originalUrl":"\/fileadmin\/Media\/Hintergrund_Navigation\/Hugo_DTL_Seenland_2021-8.jpg","filename":"Hugo_DTL_Seenland_2021-8.jpg","srcSets":{"X1":"https:\/\/api.tourismus.mv\/fileadmin\/_processed_\/b\/0\/csm_Hugo_DTL_Seenland_2021-8_e4e610db0c.webp 800w,https:\/\/api.tourismus.mv\/fileadmin\/_processed_\/b\/0\/csm_Hugo_DTL_Seenland_2021-8_38cf8cbc49.webp 1400w,https:\/\/api.tourismus.mv\/fileadmin\/_processed_\/b\/0\/csm_Hugo_DTL_Seenland_2021-8_fde38269fd.webp 2600w","X2":"https:\/\/api.tourismus.mv\/fileadmin\/_processed_\/b\/0\/csm_Hugo_DTL_Seenland_2021-8_24f4103e87.webp 1600w,https:\/\/api.tourismus.mv\/fileadmin\/_processed_\/b\/0\/csm_Hugo_DTL_Seenland_2021-8_415e4db5b2.webp 2800w,https:\/\/api.tourismus.mv\/fileadmin\/_processed_\/b\/0\/csm_Hugo_DTL_Seenland_2021-8_51ac778dcd.webp 5200w","X3":"https:\/\/api.tourismus.mv\/fileadmin\/_processed_\/b\/0\/csm_Hugo_DTL_Seenland_2021-8_b5776a2325.webp 2400w,https:\/\/api.tourismus.mv\/fileadmin\/_processed_\/b\/0\/csm_Hugo_DTL_Seenland_2021-8_ab47cd462d.webp 4200w,https:\/\/api.tourismus.mv\/fileadmin\/_processed_\/b\/0\/csm_Hugo_DTL_Seenland_2021-8_531577e2a4.webp 7800w"},"focusPoint":{"default":{"left":50,"top":50}}}}],"seo":{"title":"Branchentreff f\u00fcr den Tourismus in Mecklenburg-Vorpommern","meta":[{"name":"description","content":"Willkommen beim Branchentreff f\u00fcr den Tourismus in Mecklenburg-Vorpommern mit aktuellen und strategischen touristischen Themen."},{"name":"generator","content":"TYPO3 CMS x T3Headless"},{"name":"twitter:card","content":"summary"}],"link":[{"href":"https:\/\/tourismus.mv\/","rel":"canonical"}],"htmlAttrs":{"lang":"de","dir":null},"bodyAttrs":{"class":"pid-1 layout-layout-0"}},"meta":{"title":"Branchentreff f\u00fcr den Tourismus in Mecklenburg-Vorpommern","subtitle":"","abstract":"Willkommen beim Branchentreff f\u00fcr den Tourismus in Mecklenburg-Vorpommern mit aktuellen und strategischen touristischen Themen.","description":"Willkommen beim Branchentreff f\u00fcr den Tourismus in Mecklenburg-Vorpommern mit aktuellen und strategischen touristischen Themen.","keywords":"","canonical":"","robots":{"noIndex":false,"noFollow":false},"author":"","authorEmail":"","ogTitle":"Tourismus.mv","ogDescription":"Willkommen beim Branchentreff f\u00fcr den Tourismus in Mecklenburg-Vorpommern mit aktuellen und strategischen touristischen Themen.","ogImage":null,"twitterTitle":"Tourismus.mv","twitterDescription":"Willkommen beim Branchentreff f\u00fcr den Tourismus in Mecklenburg-Vorpommern mit aktuellen und strategischen touristischen Themen.","twitterCard":"summary","twitterImage":null},"breadcrumbs":[{"title":"Tourismus.mv","link":"\/","target":"","active":1,"current":1,"spacer":0,"hasSubpages":1}],"appearance":{"layout":"layout-0","backendLayout":"default"},"content":{"colPos0":[{"id":10,"type":"tmv_ge_startpage","colPos":0,"appearance":{"layout":"default","frameClass":"default","spaceBefore":"","spaceAfter":""},"parentContainerId":0,"startDate":0,"endDate":0,"content":{"col1":[{"id":11,"type":"text","colPos":1000,"appearance":{"layout":"default","frameClass":"default","spaceBefore":"","spaceAfter":""},"parentContainerId":10,"startDate":0,"endDate":0,"content":{"header":"Die Tourismusbranche in Mecklenburg-Vorpommern","subheader":"","headerLayout":1,"headerPosition":"","headerLink":"","bodytext":"<p>Willkommen beim Branchentreff f\u00fcr den Tourismus in Mecklenburg-Vorpommern mit aktuellen und strategischen touristischen Themen. Gestalten Sie den Branchentreff aktiv mit. Abonnieren Sie den Newsletter mit Ihren individuell ausgew\u00e4hlten Themen, teilen Sie Ihre touristischen Nachrichten und werden Sie selbst Partner im tourismus.mv-Branchennetzwerk.<\/p>"}},{"id":263,"type":"ke_search_pi3","colPos":1000,"appearance":{"layout":"default","frameClass":"default","spaceBefore":"","spaceAfter":""},"parentContainerId":10,"startDate":0,"endDate":0,"content":{"header":"SearchBox","subheader":"","headerLayout":2,"headerPosition":"","headerLink":"","data":""}},{"id":148,"type":"tmv_ge_100","colPos":1000,"appearance":{"layout":"default","frameClass":"default","spaceBefore":"","spaceAfter":""},"parentContainerId":10,"startDate":0,"endDate":0,"content":{"col1":[{"id":18,"type":"menu_pages","colPos":1004,"appearance":{"layout":"default","frameClass":"default","spaceBefore":"","spaceAfter":""},"parentContainerId":148,"startDate":0,"endDate":0,"content":{"header":"Unsere Bereiche","subheader":"","headerLayout":2,"headerPosition":"","headerLink":"","menu":[{"title":"Branchen-News","link":"https:\/\/news.tourismus.mv\/","target":"","active":0,"current":0,"spacer":0,"hasSubpages":0},{"title":"Qualit\u00e4t & Nachhaltigkeit","link":"https:\/\/qn.tourismus.mv\/","target":"","active":0,"current":0,"spacer":0,"hasSubpages":1},{"title":"Statistik","link":"https:\/\/statistik.tourismus.mv\/","target":"","active":0,"current":0,"spacer":0,"hasSubpages":0},{"title":"Karriere","link":"https:\/\/karriere.tourismus.mv\/","target":"","active":0,"current":0,"spacer":0,"hasSubpages":0},{"title":"Digitales","link":"https:\/\/digitales.tourismus.mv\/","target":"","active":0,"current":0,"spacer":0,"hasSubpages":1},{"title":"Strategische Themen","link":"https:\/\/strategie.tourismus.mv\/","target":"","active":0,"current":0,"spacer":0,"hasSubpages":1},{"title":"Urlaubsmarke","link":"https:\/\/urlaubsmarke.tourismus.mv\/","target":"_blank","active":0,"current":0,"spacer":0,"hasSubpages":0}]}}],"flexform":{"gridType":"noSpacing","gridColor":"","xsCol1":"col-span-12","xsCol1Start":"col-start-1","smCol1":"sm:col-span-12","smCol1Start":"sm:col-start-1","mdCol1":"md:col-span-12","mdCol1Start":"md:col-start-1","lgCol1":"lg:col-span-12","lgCol1Start":"lg:col-start-1","xlCol1":"xl:col-span-12","xlCol1Start":"xl:col-start-1","xxlCol1":"2xl:col-span-12","xxlCol1Start":"2xl:col-start-1","customCol1":""}}}],"col2":[{"id":12,"type":"news_pi1","colPos":1001,"appearance":{"layout":"default","frameClass":"default","spaceBefore":"","spaceAfter":""},"parentContainerId":10,"startDate":0,"endDate":0,"content":{"header":"","subheader":"","headerLayout":2,"headerPosition":"","headerLink":"","data":{"pagination":{"first":"\/?tx_news_pi1%5Bcontroller%5D=News&tx_news_pi1%5BcurrentPage%5D=1&cHash=752cd806099ff26ddea2b0a2555055ec","last":"\/?tx_news_pi1%5Bcontroller%5D=News&tx_news_pi1%5BcurrentPage%5D=316&cHash=29fca12341982e79772478a4c33491a1","prev":null,"next":"\/?tx_news_pi1%5Bcontroller%5D=News&tx_news_pi1%5BcurrentPage%5D=2&cHash=732e6975de54e04ee2de85deb49d92d2","pages":[{"page":1,"link":"\/?tx_news_pi1%5Bcontroller%5D=News&tx_news_pi1%5BcurrentPage%5D=1&cHash=752cd806099ff26ddea2b0a2555055ec","current":1},{"page":2,"link":"\/?tx_news_pi1%5Bcontroller%5D=News&tx_news_pi1%5BcurrentPage%5D=2&cHash=732e6975de54e04ee2de85deb49d92d2","current":0},{"page":3,"link":"\/?tx_news_pi1%5Bcontroller%5D=News&tx_news_pi1%5BcurrentPage%5D=3&cHash=c572f5e75409a43207f0e8d8fb63923d","current":0},{"page":4,"link":"\/?tx_news_pi1%5Bcontroller%5D=News&tx_news_pi1%5BcurrentPage%5D=4&cHash=d586206a2e1ebe9a0e6d29f8a8f6bfe6","current":0},{"page":5,"link":"\/?tx_news_pi1%5Bcontroller%5D=News&tx_news_pi1%5BcurrentPage%5D=5&cHash=70680905c10c174b61006410775d570a","current":0}],"numberofresults":2839},"list":[{"uid":67068,"title":"Internationaler Verein will Europ\u00e4ische Gutshausroute im Ostseeraum etablieren","teaser":"Der erste \"Baltic Manors ROUTE Day\" am 22. April 2026 bildet den offiziellen Startschuss zur Entwicklung einer Route, die lebendiges Gutshauserbe, regionale Tourismusangebote und gemeinsame Perspektiven im Ostseeraum miteinander verbindet.","bodytext":"Anl\u00e4sslich des ersten internationalen \u201eBaltic Manors ROUTE Day\u201c gab die Baltic Manors Association, ein internationaler Zusammenschluss von Gutshausvereinigungen, Tourismusorganisationen und...","categories":[{"id":7,"pid":128,"title":"News","slug":"news"}],"isTopNews":false,"datetime":"1777032199","type":"News","tags":[{"id":214,"pid":4,"title":"Genuss und Kultur","seo":{"seoTitle":"","seoDescription":"","seoHeadline":"","seoText":""},"slug":"genuss-kultur"},{"id":319,"pid":4,"title":"Veranstaltung","seo":{"seoTitle":"","seoDescription":"","seoHeadline":"","seoText":""},"slug":"veranstaltung"},{"id":325,"pid":4,"title":"Internationales","seo":{"seoTitle":"","seoDescription":"","seoHeadline":"","seoText":""},"slug":"internationales"}],"likes":0,"views":434,"relativeDate":"vor 5 Tagen","readingTime":"4 min","slug":"\/artikel\/internationaler-verein-will-europaeische-gutshausroute-im-ostseeraum-etablieren","pathSegment":"internationaler-verein-will-europaeische-gutshausroute-im-ostseeraum-etablieren","eventLocation":null,"eventLocationName":null,"contentElements":null},{"uid":66966,"title":"MV-TourismusTreff #22: Mobilit\u00e4t \u2013 Elektromobilit\u00e4t auf dem Wasser: Mitschnitt und Pr\u00e4sentationen","teaser":"Die MV Tourismus GmbH und der ADAC Hansa e. V. luden am 21. April 2026 von 10 bis 11 Uhr zum digitalen MV-TourismusTreff #22 \u201eMobilit\u00e4t \u2013 Elektromobilit\u00e4t auf dem Wasser\u201c ein. Jetzt sind Mitschnitt und Pr\u00e4sentationen verf\u00fcgbar.\r\n","bodytext":"Der MV-TourismusTreff bot den Teilnehmenden die M\u00f6glichkeit, mit Branchenexperten in den Austausch \u00fcber innovative Technologien, Herausforderungen und Perspektiven der Elektromobilit\u00e4t auf dem Wasser...","categories":[{"id":7,"pid":128,"title":"News","slug":"news"},{"id":2,"pid":128,"title":"Qualit\u00e4t & Nachhaltigkeit","slug":"qualitaet-nachhaltigkeit"}],"isTopNews":false,"datetime":"1776938400","type":"News","tags":[{"id":313,"pid":4,"title":"Mobilit\u00e4t","seo":{"seoTitle":"","seoDescription":"","seoHeadline":"","seoText":""},"slug":"mobilitaet"},{"id":188,"pid":4,"title":"Nachhaltigkeit","seo":{"seoTitle":"","seoDescription":"","seoHeadline":"","seoText":""},"slug":"nachhaltigkeit"}],"likes":0,"views":873,"relativeDate":"vor 6 Tagen","readingTime":"1 min","slug":"\/artikel\/mv-tourismustreff-22-mobilitaet-elektromobilitaet-auf-dem-wasser","pathSegment":"mv-tourismustreff-22-mobilitaet-elektromobilitaet-auf-dem-wasser","eventLocation":null,"eventLocationName":null,"contentElements":null},{"uid":67067,"title":"Internationaler Austausch beim 52. Germany Travel Mart in Oberhausen","teaser":"Vom 19. bis 21. April 2026 pr\u00e4sentierte die MV Tourismus GmbH beim 52. Germany Travel Mart\u2122 in der Rudolf Weber Arena in Oberhausen Neuigkeiten aus dem Urlaubsland MV.","bodytext":"Mit der Teilnahme am 52. Germany Travel Mart\u2122 der Deutschen Zentrale f\u00fcr Tourismus (DZT), dem gr\u00f6\u00dften Incoming-Workshop f\u00fcr das Reiseland Deutschland, setzt die MV Tourismus GmbH einen weiteren Impuls...","categories":[{"id":7,"pid":128,"title":"News","slug":"news"}],"isTopNews":false,"datetime":"1776933000","type":"News","tags":[{"id":325,"pid":4,"title":"Internationales","seo":{"seoTitle":"","seoDescription":"","seoHeadline":"","seoText":""},"slug":"internationales"}],"likes":1,"views":342,"relativeDate":"vor 6 Tagen","readingTime":"57 sek","slug":"\/artikel\/internationaler-austausch-beim-52-germany-travel-mart-in-oberhausen","pathSegment":"internationaler-austausch-beim-52-germany-travel-mart-in-oberhausen","eventLocation":null,"eventLocationName":null,"contentElements":null},{"uid":67069,"title":"Imagefilme des Urlaubslandes MV auf dem 35. Filmkunstfest Schwerin pr\u00e4sentiert","teaser":"Auf dem 35. Filmkunstfest Mecklenburg-Vorpommern in der Landeshauptstadt Schwerin vom 5. bis 10. Mai 2026 werden erstmals Kurzfilme der MV Tourismus GmbH gezeigt. Damit soll die nationale und internationale Kreativbranche sowie das Filmfest-Publikum f\u00fcr das Urlaubsland MV begeistert werden.","bodytext":"So werden der Imagefilm \u201cNeptun macht Urlaub\u201d und der Werbefilm \u201cDeutschlands Seenland \u2013 was ist daran schon besonders?\u201d im Werbeblock bei 60 Filmvorf\u00fchrungen im Rahmen des Filmkunstfestes zu sehen...","categories":[{"id":7,"pid":128,"title":"News","slug":"news"}],"isTopNews":false,"datetime":"1776866400","type":"News","tags":[{"id":214,"pid":4,"title":"Genuss und Kultur","seo":{"seoTitle":"","seoDescription":"","seoHeadline":"","seoText":""},"slug":"genuss-kultur"},{"id":212,"pid":4,"title":"Natur","seo":{"seoTitle":"","seoDescription":"","seoHeadline":"","seoText":""},"slug":"natur-aktivitaet"},{"id":333,"pid":4,"title":"Wassersport","seo":{"seoTitle":"","seoDescription":"","seoHeadline":"","seoText":""},"slug":"wassersport"}],"likes":0,"views":316,"relativeDate":"vor 7 Tagen","readingTime":"55 sek","slug":"\/artikel\/imagefilme-des-urlaubslandes-mv-auf-dem-35-filmkunstfest-schwerin-praesentiert","pathSegment":"imagefilme-des-urlaubslandes-mv-auf-dem-35-filmkunstfest-schwerin-praesentiert","eventLocation":null,"eventLocationName":null,"contentElements":null},{"uid":67053,"title":"TI\u2011Netzwerk Mecklenburg-Vorpommern: Viertes Treffen st\u00e4rkt den landesweiten Austausch","teaser":"Am 17. April 2026 lud die Touristinformation G\u00fcstrow das TI\u2011Netzwerk zum vierten landesweiten Erfahrungsaustausch in die Wollhalle G\u00fcstrow ein.","bodytext":"Nach der Begr\u00fc\u00dfung durch Lisa Gerion\u2011Beier, Leiterin der Touristinformation G\u00fcstrow, Peter Kranz, Gesch\u00e4ftsf\u00fchrer der MV Tourismus GmbH, und Sascha Zimmermann, B\u00fcrgermeister der Stadt G\u00fcstrow, gab...","categories":[{"id":7,"pid":128,"title":"News","slug":"news"}],"isTopNews":false,"datetime":"1776441600","type":"News","tags":[{"id":319,"pid":4,"title":"Veranstaltung","seo":{"seoTitle":"","seoDescription":"","seoHeadline":"","seoText":""},"slug":"veranstaltung"},{"id":312,"pid":4,"title":"Digitalisierung","seo":{"seoTitle":"","seoDescription":"","seoHeadline":"","seoText":""},"slug":"digitalisierung"},{"id":97,"pid":4,"title":"Mecklenburgische Seenplatte","seo":{"seoTitle":"","seoDescription":"","seoHeadline":"","seoText":""},"slug":"mecklenburgische-seenplatte"}],"likes":2,"views":523,"relativeDate":"vor 12 Tagen","readingTime":"1 min","slug":"\/artikel\/ti-netzwerk-mecklenburg-vorpommern-viertes-treffen-staerkt-den-landesweiten-austausch","pathSegment":"ti-netzwerk-mecklenburg-vorpommern-viertes-treffen-staerkt-den-landesweiten-austausch","eventLocation":null,"eventLocationName":null,"contentElements":null},{"uid":67054,"title":"Projekt ReTour f\u00f6rdert Regenerativen Tourismus im Ostseeraum","teaser":"Die MV Tourismus GmbH ist assoziierter Partner des Interreg \u2013 South Baltic Sea-Projektes ReTour. Das Projekt ReTour, an dem unter der Projektleitung von Schweden Partner aus D\u00e4nemark, Litauen, Polen und Deutschland beteiligt sind, l\u00e4uft \u00fcber drei Jahre und zielt auf die Entwicklung neuer Methoden f\u00fcr einen regenerativen Tourismus ab.","bodytext":"Am 16. April 2026 trafen sich 15 ReTour-Projektpartner aus der s\u00fcdlichen Ostseeregion erstmals in Mecklenburg-Vorpommern. Hier wurden die ersten, sich noch in der Entwicklung befindlichen Prototypen...","categories":[{"id":7,"pid":128,"title":"News","slug":"news"},{"id":2,"pid":128,"title":"Qualit\u00e4t & Nachhaltigkeit","slug":"qualitaet-nachhaltigkeit"}],"isTopNews":false,"datetime":"1776342890","type":"News","tags":[{"id":188,"pid":4,"title":"Nachhaltigkeit","seo":{"seoTitle":"","seoDescription":"","seoHeadline":"","seoText":""},"slug":"nachhaltigkeit"}],"likes":0,"views":482,"relativeDate":"vor 13 Tagen","readingTime":"1 min","slug":"\/artikel\/projekt-retour-foerdert-regenerativen-tourismus-im-ostseeraum","pathSegment":"projekt-retour-foerdert-regenerativen-tourismus-im-ostseeraum","eventLocation":null,"eventLocationName":null,"contentElements":null},{"uid":67048,"title":"Gastgewerbe-Nachwuchs in MV: Die Sieger der Landesjugendmeisterschaft 2026","teaser":"DEHOGA MV und IHKs setzen gemeinsam ein starkes Zeichen f\u00fcr den Nachwuchs im Gastgewerbe","bodytext":"Am 14. und 15. April 2026 traten die besten Auszubildenden der gastgewerblichen Berufe aus Mecklenburg-Vorpommern im Schlossgut Gross Schwansee zur 31. Landesjugendmeisterschaft an \u2013 ein H\u00f6hepunkt der...","categories":[{"id":7,"pid":128,"title":"News","slug":"news"}],"isTopNews":false,"datetime":"1776317323","type":"News","tags":[{"id":7,"pid":4,"title":"Tourismusnachrichten","seo":{"seoTitle":"","seoDescription":"","seoHeadline":"","seoText":""},"slug":"tourismusnachrichten"},{"id":214,"pid":4,"title":"Genuss und Kultur","seo":{"seoTitle":"","seoDescription":"","seoHeadline":"","seoText":""},"slug":"genuss-kultur"},{"id":215,"pid":4,"title":"Mecklenburgische Ostseek\u00fcste","seo":{"seoTitle":"","seoDescription":"","seoHeadline":"","seoText":""},"slug":"mecklenburgische-ostseekueste"}],"likes":0,"views":486,"relativeDate":"vor 13 Tagen","readingTime":"2 min","slug":"\/artikel\/gastgewerbe-nachwuchs-in-mv-die-sieger-der-landesjugendmeisterschaft-2026","pathSegment":"gastgewerbe-nachwuchs-in-mv-die-sieger-der-landesjugendmeisterschaft-2026","eventLocation":null,"eventLocationName":null,"contentElements":null},{"uid":47329,"title":"Qualit\u00e4tslotsen-Zeit: Jeden ersten Donnerstag im Monat","teaser":"Mit der Qualit\u00e4tslotsen-Zeit gibt es einen monatlichen Online-Treff f\u00fcr alle Fragen rund um den Qualit\u00e4tslotsen, den digitalen Helfer f\u00fcr mehr Qualit\u00e4t und Nachhaltigkeit im Urlaubsland MV, der mit dem dritten Platz beim Deutschen Tourismuspreis 2025 ausgezeichnet wurde.","bodytext":"Die Qualit\u00e4tslotsen-Zeit findet jeden ersten Donnerstag im Monat von 9 bis 10 Uhr online via Microsoft Teams statt. Interessierte Unternehmen k\u00f6nnen ohne Anmeldung direkt unter diesem Teams-Link...","categories":[{"id":7,"pid":128,"title":"News","slug":"news"},{"id":2,"pid":128,"title":"Qualit\u00e4t & Nachhaltigkeit","slug":"qualitaet-nachhaltigkeit"}],"isTopNews":false,"datetime":"1776245686","type":"News","tags":[{"id":197,"pid":4,"title":"Qualit\u00e4t","seo":{"seoTitle":"","seoDescription":"","seoHeadline":"","seoText":""},"slug":"qualitaet"},{"id":188,"pid":4,"title":"Nachhaltigkeit","seo":{"seoTitle":"","seoDescription":"","seoHeadline":"","seoText":""},"slug":"nachhaltigkeit"},{"id":314,"pid":4,"title":"Weiterbildung","seo":{"seoTitle":"","seoDescription":"","seoHeadline":"","seoText":""},"slug":"weiterbildung"},{"id":319,"pid":4,"title":"Veranstaltung","seo":{"seoTitle":"","seoDescription":"","seoHeadline":"","seoText":""},"slug":"veranstaltung"}],"likes":1,"views":5876,"relativeDate":"vor 14 Tagen","readingTime":"35 sek","slug":"\/artikel\/qualitaetslotsen-zeit-jeden-ersten-donnerstag-im-monat","pathSegment":"qualitaetslotsen-zeit-jeden-ersten-donnerstag-im-monat","eventLocation":null,"eventLocationName":null,"contentElements":null},{"uid":67049,"title":"Neuer F\u00f6rderaufruf f\u00fcr kommunale Mobilit\u00e4tsplanung","teaser":"Das Bundesministerium f\u00fcr Verkehr (BMV) unterst\u00fctzt mit einem neuen F\u00f6rderaufruf Kommunen bei der Erstellung oder Fortschreibung von nachhaltigen urbanen Mobilit\u00e4tspl\u00e4nen nach den europ\u00e4ischen Vorgaben f\u00fcr \u201eSustainable Urban Mobility Plans\u201c (SUMPs).","bodytext":"In diesem Jahr stehen daf\u00fcr 14 Millionen Euro f\u00fcr Projekte zur Verf\u00fcgung. Die F\u00f6rderung ist Teil des Programms \u201enachhaltig.mobil.planen.\u201c des BMV.\r\nBundesverkehrsminister Patrick Schnieder: \u201cWir...","categories":[{"id":7,"pid":128,"title":"News","slug":"news"}],"isTopNews":false,"datetime":"1776172380","type":"News","tags":[{"id":313,"pid":4,"title":"Mobilit\u00e4t","seo":{"seoTitle":"","seoDescription":"","seoHeadline":"","seoText":""},"slug":"mobilitaet"}],"likes":0,"views":549,"relativeDate":"vor 15 Tagen","readingTime":"1 min","slug":"\/artikel\/neuer-foerderaufruf-fuer-kommunale-mobilitaetsplanung","pathSegment":"neuer-foerderaufruf-fuer-kommunale-mobilitaetsplanung","eventLocation":null,"eventLocationName":null,"contentElements":null}],"settings":{"orderBy":"datetime","orderDirection":"desc","templateLayout":"","action":"list"}}}}],"flexform":{"customCol1":"","customCol2":"","image":{"publicUrl":"https:\/\/api.tourismus.mv\/fileadmin\/_processed_\/b\/0\/csm_Hugo_DTL_Seenland_2021-8_4ef753c240.webp","properties":{"title":null,"alternative":null,"description":"Foto: TMV\/Witzel","disableDownload":0,"mimeType":"image\/jpeg","type":"image-responsive","originalUrl":"\/fileadmin\/Media\/Hintergrund_Navigation\/Hugo_DTL_Seenland_2021-8.jpg","filename":"Hugo_DTL_Seenland_2021-8.jpg","srcSets":{"X1":"https:\/\/api.tourismus.mv\/fileadmin\/_processed_\/b\/0\/csm_Hugo_DTL_Seenland_2021-8_70863a687e.webp 500w,https:\/\/api.tourismus.mv\/fileadmin\/_processed_\/b\/0\/csm_Hugo_DTL_Seenland_2021-8_e4e610db0c.webp 800w,https:\/\/api.tourismus.mv\/fileadmin\/_processed_\/b\/0\/csm_Hugo_DTL_Seenland_2021-8_57bb3c3290.webp 1200w","X2":"https:\/\/api.tourismus.mv\/fileadmin\/_processed_\/b\/0\/csm_Hugo_DTL_Seenland_2021-8_b966288140.webp 1000w,https:\/\/api.tourismus.mv\/fileadmin\/_processed_\/b\/0\/csm_Hugo_DTL_Seenland_2021-8_24f4103e87.webp 1600w,https:\/\/api.tourismus.mv\/fileadmin\/_processed_\/b\/0\/csm_Hugo_DTL_Seenland_2021-8_b5776a2325.webp 2400w","X3":"https:\/\/api.tourismus.mv\/fileadmin\/_processed_\/b\/0\/csm_Hugo_DTL_Seenland_2021-8_59b4ecb442.webp 1500w,https:\/\/api.tourismus.mv\/fileadmin\/_processed_\/b\/0\/csm_Hugo_DTL_Seenland_2021-8_b5776a2325.webp 2400w,https:\/\/api.tourismus.mv\/fileadmin\/_processed_\/b\/0\/csm_Hugo_DTL_Seenland_2021-8_51261d1736.webp 3600w"},"focusPoint":{"default":{"left":50,"top":50}}}}}}}]},"i18n":[{"languageId":0,"locale":"de_DE.UTF-8","title":"Deutsch","navigationTitle":"Deutsch","twoLetterIsoCode":"de","hreflang":"de-DE","direction":"ltr","flag":"flags-de","link":"\/","active":1,"current":0,"available":1}]}